{"id":2206,"date":"2025-11-07T10:15:57","date_gmt":"2025-11-07T15:15:57","guid":{"rendered":"https:\/\/womeninmusic.ca\/event\/journee-internationale-des-femmes\/"},"modified":"2025-11-07T12:34:19","modified_gmt":"2025-11-07T17:34:19","slug":"journee-internationale-des-femmes","status":"publish","type":"tribe_events","link":"https:\/\/womeninmusic.ca\/fr\/event\/journee-internationale-des-femmes\/","title":{"rendered":"Journ\u00e9e internationale des femmes"},"content":{"rendered":"\t\t<div data-elementor-type=\"tec_event_single_static\" data-elementor-id=\"2206\" class=\"elementor elementor-2206 elementor-2204\" data-elementor-post-type=\"tribe_events\">\n\t\t\t\t<div class=\"elementor-element elementor-element-33ee033 e-flex e-con-boxed e-con e-parent\" data-id=\"33ee033\" data-element_type=\"container\">\n\t\t\t\t\t<div class=\"e-con-inner\">\n\t\t\t\t<div class=\"elementor-element elementor-element-ffe86ac elementor-widget elementor-widget-heading\" data-id=\"ffe86ac\" data-element_type=\"widget\" data-widget_type=\"heading.default\">\n\t\t\t\t<div class=\"elementor-widget-container\">\n\t\t\t\t\t<h1 class=\"elementor-heading-title elementor-size-default\"> Journ\u00e9e internationale des femmes<\/h1>\t\t\t\t<\/div>\n\t\t\t\t<\/div>\n\t\t\t\t<div class=\"elementor-element elementor-element-0be7296 elementor-widget elementor-widget-image\" data-id=\"0be7296\" data-element_type=\"widget\" data-widget_type=\"image.default\">\n\t\t\t\t<div class=\"elementor-widget-container\">\n\t\t\t\t\t\t\t\t\t\t\t\t\t\t\t<img fetchpriority=\"high\" decoding=\"async\" width=\"800\" height=\"800\" src=\"https:\/\/womeninmusic.ca\/wp-content\/uploads\/2025\/11\/IWD_March_7_-a50090e3-1024x1024.webp\" class=\"attachment-large size-large wp-image-2212\" alt=\"\" srcset=\"https:\/\/womeninmusic.ca\/wp-content\/uploads\/2025\/11\/IWD_March_7_-a50090e3-1024x1024.webp 1024w, https:\/\/womeninmusic.ca\/wp-content\/uploads\/2025\/11\/IWD_March_7_-a50090e3-300x300.webp 300w, https:\/\/womeninmusic.ca\/wp-content\/uploads\/2025\/11\/IWD_March_7_-a50090e3-150x150.webp 150w, https:\/\/womeninmusic.ca\/wp-content\/uploads\/2025\/11\/IWD_March_7_-a50090e3-768x768.webp 768w, https:\/\/womeninmusic.ca\/wp-content\/uploads\/2025\/11\/IWD_March_7_-a50090e3.webp 1080w\" sizes=\"(max-width: 800px) 100vw, 800px\" \/>\t\t\t\t\t\t\t\t\t\t\t\t\t\t\t<\/div>\n\t\t\t\t<\/div>\n\t\t\t\t<div class=\"elementor-element elementor-element-6246345 elementor-widget-divider--view-line elementor-widget elementor-widget-divider\" data-id=\"6246345\" data-element_type=\"widget\" data-widget_type=\"divider.default\">\n\t\t\t\t<div class=\"elementor-widget-container\">\n\t\t\t\t\t\t\t<div class=\"elementor-divider\">\n\t\t\t<span class=\"elementor-divider-separator\">\n\t\t\t\t\t\t<\/span>\n\t\t<\/div>\n\t\t\t\t\t\t<\/div>\n\t\t\t\t<\/div>\n\t\t\t\t<div class=\"elementor-element elementor-element-fe2ac1b elementor-widget elementor-widget-text-editor\" data-id=\"fe2ac1b\" data-element_type=\"widget\" data-widget_type=\"text-editor.default\">\n\t\t\t\t<div class=\"elementor-widget-container\">\n\t\t\t\t\t\t\t\t\t<p>WIM Canada, en partenariat avec FACTOR, le gouvernement du Canada, Ontario Creates et la ville de Toronto, CIMA et CFM, pr\u00e9sente une journ\u00e9e d&#8217;ateliers pratiques et de sessions de conf\u00e9renciers, le 7 mars 2023. Avec des sessions mettant en vedette d&#8217;incroyables leaders ici pour partager leur expertise, c&#8217;est une journ\u00e9e pour sortir et \u00eatre inspir\u00e9e.  <\/p><p>Inscrivez-vous aux sessions auxquelles vous souhaitez assister, ou pour toute la journ\u00e9e et rejoignez-nous pour de grandes conversations et connexions en l&#8217;honneur de la Semaine internationale des femmes. Toutes les sessions se d\u00e9rouleront \u00e0 <strong>The Academy at 80A chez Universal Music Canada<\/strong> (80 Atlantic Ave, Toronto, ON).  <br><br>La participation est gratuite pour toutes. Women in Music Canada valorise la diversit\u00e9, l&#8217;\u00e9quit\u00e9 et l&#8217;inclusion, et accueille les participantes de divers horizons. <\/p>\t\t\t\t\t\t\t\t<\/div>\n\t\t\t\t<\/div>\n\t\t<div class=\"elementor-element elementor-element-3c52474 e-con-full e-flex e-con e-child\" data-id=\"3c52474\" data-element_type=\"container\">\n\t\t\t\t<div class=\"elementor-element elementor-element-6aebdf5 elementor-widget elementor-widget-button\" data-id=\"6aebdf5\" data-element_type=\"widget\" data-widget_type=\"button.default\">\n\t\t\t\t<div class=\"elementor-widget-container\">\n\t\t\t\t\t\t\t\t\t<div class=\"elementor-button-wrapper\">\n\t\t\t\t\t<a class=\"elementor-button elementor-button-link elementor-size-sm\" href=\"https:\/\/www.universe.com\/events\/women-in-music-canada-international-womens-week-workshops-tickets-0GJ7P2?buttonColor=#da0e23&#038;buttonText=Get%20Workshop%20Tickets\" target=\"_blank\">\n\t\t\t\t\t\t<span class=\"elementor-button-content-wrapper\">\n\t\t\t\t\t\t\t\t\t<span class=\"elementor-button-text\">Obtenez vos billets d'atelier<\/span>\n\t\t\t\t\t<\/span>\n\t\t\t\t\t<\/a>\n\t\t\t\t<\/div>\n\t\t\t\t\t\t\t\t<\/div>\n\t\t\t\t<\/div>\n\t\t\t\t<div class=\"elementor-element elementor-element-f3c7994 elementor-widget elementor-widget-button\" data-id=\"f3c7994\" data-element_type=\"widget\" data-widget_type=\"button.default\">\n\t\t\t\t<div class=\"elementor-widget-container\">\n\t\t\t\t\t\t\t\t\t<div class=\"elementor-button-wrapper\">\n\t\t\t\t\t<a class=\"elementor-button elementor-button-link elementor-size-sm\" href=\"https:\/\/www.universe.com\/events\/streamed-access-women-in-music-canada-international-womens-week-workshop-tickets-BT7W5K?buttonColor=#000000&#038;buttonText=Register%20for%20Online%20Access\">\n\t\t\t\t\t\t<span class=\"elementor-button-content-wrapper\">\n\t\t\t\t\t\t\t\t\t<span class=\"elementor-button-text\">Inscrivez-vous pour l'acc\u00e8s en ligne<\/span>\n\t\t\t\t\t<\/span>\n\t\t\t\t\t<\/a>\n\t\t\t\t<\/div>\n\t\t\t\t\t\t\t\t<\/div>\n\t\t\t\t<\/div>\n\t\t\t\t<\/div>\n\t\t\t\t\t<\/div>\n\t\t\t\t<\/div>\n\t\t<div class=\"elementor-element elementor-element-534b507 e-flex e-con-boxed e-con e-parent\" data-id=\"534b507\" data-element_type=\"container\" data-settings=\"{&quot;background_background&quot;:&quot;classic&quot;}\">\n\t\t\t\t\t<div class=\"e-con-inner\">\n\t\t<div class=\"elementor-element elementor-element-9cc2e0a e-con-full e-flex e-con e-child\" data-id=\"9cc2e0a\" data-element_type=\"container\" data-settings=\"{&quot;background_background&quot;:&quot;classic&quot;}\">\n\t\t<div class=\"elementor-element elementor-element-3ba61bd e-con-full e-flex e-con e-child\" data-id=\"3ba61bd\" data-element_type=\"container\">\n\t\t\t\t<div class=\"elementor-element elementor-element-2c7ca1f elementor-widget elementor-widget-image\" data-id=\"2c7ca1f\" data-element_type=\"widget\" data-widget_type=\"image.default\">\n\t\t\t\t<div class=\"elementor-widget-container\">\n\t\t\t\t\t\t\t\t\t\t\t\t\t\t\t<img decoding=\"async\" width=\"500\" height=\"500\" src=\"https:\/\/womeninmusic.ca\/wp-content\/uploads\/2025\/11\/Asset_Reviews-37e29548.webp\" class=\"attachment-large size-large wp-image-2224\" alt=\"\" srcset=\"https:\/\/womeninmusic.ca\/wp-content\/uploads\/2025\/11\/Asset_Reviews-37e29548.webp 500w, https:\/\/womeninmusic.ca\/wp-content\/uploads\/2025\/11\/Asset_Reviews-37e29548-300x300.webp 300w, https:\/\/womeninmusic.ca\/wp-content\/uploads\/2025\/11\/Asset_Reviews-37e29548-150x150.webp 150w\" sizes=\"(max-width: 500px) 100vw, 500px\" \/>\t\t\t\t\t\t\t\t\t\t\t\t\t\t\t<\/div>\n\t\t\t\t<\/div>\n\t\t\t\t<\/div>\n\t\t<div class=\"elementor-element elementor-element-c053061 e-con-full e-flex e-con e-child\" data-id=\"c053061\" data-element_type=\"container\">\n\t\t\t\t<div class=\"elementor-element elementor-element-c32b5e6 elementor-widget elementor-widget-heading\" data-id=\"c32b5e6\" data-element_type=\"widget\" data-widget_type=\"heading.default\">\n\t\t\t\t<div class=\"elementor-widget-container\">\n\t\t\t\t\t<h1 class=\"elementor-heading-title elementor-size-default\">\u00c9valuations d'actifs cr\u00e9atifs<\/h1>\t\t\t\t<\/div>\n\t\t\t\t<\/div>\n\t\t\t\t<div class=\"elementor-element elementor-element-35ebe2d elementor-widget elementor-widget-heading\" data-id=\"35ebe2d\" data-element_type=\"widget\" data-widget_type=\"heading.default\">\n\t\t\t\t<div class=\"elementor-widget-container\">\n\t\t\t\t\t<h5 class=\"elementor-heading-title elementor-size-default\">9h30 - 11h00<\/h5>\t\t\t\t<\/div>\n\t\t\t\t<\/div>\n\t\t\t\t<div class=\"elementor-element elementor-element-3839fd9 elementor-widget elementor-widget-text-editor\" data-id=\"3839fd9\" data-element_type=\"widget\" data-widget_type=\"text-editor.default\">\n\t\t\t\t<div class=\"elementor-widget-container\">\n\t\t\t\t\t\t\t\t\t<p>Soumettez vos liens pour des \u00e9valuations d&#8217;actifs en direct par des professionnels. Ces professionnels du marketing et de la publicit\u00e9 examineront les \u00e9l\u00e9ments soumis en ligne, \u00e9valueront et fourniront des conseils et astuces pour augmenter la port\u00e9e, l&#8217;impact et ultimement la g\u00e9n\u00e9ration de revenus. Cette session est con\u00e7ue pour \u00eatre fructueuse pour celles qui sont \u00e9valu\u00e9es et pour les autres, car les th\u00e8mes et les meilleures pratiques sont discut\u00e9s.   <\/p><p>*Toutes celles qui se sont inscrites avant le 23 f\u00e9vrier recevront un lien pour t\u00e9l\u00e9charger les mat\u00e9riaux \u00e0 examiner. <\/p><p class=\"p1\">\u00c9valuatrices :<\/p><p class=\"p1\">Amanda McCauley &#8211; indoor recess &#8211; Animatrice<\/p><p class=\"p1\">Melissa Vincent &#8211; Journaliste musicale et productrice cr\u00e9ative \/ polaris music prize<\/p><p class=\"p1\">Stacey Bedford &#8211; bandzoogle<\/p><p class=\"p1\">Vanessa Adora &#8211; TikTok<\/p>\t\t\t\t\t\t\t\t<\/div>\n\t\t\t\t<\/div>\n\t\t\t\t<\/div>\n\t\t\t\t<\/div>\n\t\t\t\t\t<\/div>\n\t\t\t\t<\/div>\n\t\t<div class=\"elementor-element elementor-element-6fc75c9 e-flex e-con-boxed e-con e-parent\" data-id=\"6fc75c9\" data-element_type=\"container\" data-settings=\"{&quot;background_background&quot;:&quot;classic&quot;}\">\n\t\t\t\t\t<div class=\"e-con-inner\">\n\t\t<div class=\"elementor-element elementor-element-7a71513 e-con-full e-flex e-con e-child\" data-id=\"7a71513\" data-element_type=\"container\" data-settings=\"{&quot;background_background&quot;:&quot;classic&quot;}\">\n\t\t<div class=\"elementor-element elementor-element-c412e5a e-con-full e-flex e-con e-child\" data-id=\"c412e5a\" data-element_type=\"container\">\n\t\t\t\t<div class=\"elementor-element elementor-element-6c58afa elementor-widget elementor-widget-image\" data-id=\"6c58afa\" data-element_type=\"widget\" data-widget_type=\"image.default\">\n\t\t\t\t<div class=\"elementor-widget-container\">\n\t\t\t\t\t\t\t\t\t\t\t\t\t\t\t<img decoding=\"async\" width=\"500\" height=\"500\" src=\"https:\/\/womeninmusic.ca\/wp-content\/uploads\/2025\/11\/Export_Ready-de61cc98.webp\" class=\"attachment-large size-large wp-image-2225\" alt=\"\" srcset=\"https:\/\/womeninmusic.ca\/wp-content\/uploads\/2025\/11\/Export_Ready-de61cc98.webp 500w, https:\/\/womeninmusic.ca\/wp-content\/uploads\/2025\/11\/Export_Ready-de61cc98-300x300.webp 300w, https:\/\/womeninmusic.ca\/wp-content\/uploads\/2025\/11\/Export_Ready-de61cc98-150x150.webp 150w\" sizes=\"(max-width: 500px) 100vw, 500px\" \/>\t\t\t\t\t\t\t\t\t\t\t\t\t\t\t<\/div>\n\t\t\t\t<\/div>\n\t\t\t\t<\/div>\n\t\t<div class=\"elementor-element elementor-element-12b8e37 e-con-full e-flex e-con e-child\" data-id=\"12b8e37\" data-element_type=\"container\">\n\t\t\t\t<div class=\"elementor-element elementor-element-83003ff elementor-widget elementor-widget-heading\" data-id=\"83003ff\" data-element_type=\"widget\" data-widget_type=\"heading.default\">\n\t\t\t\t<div class=\"elementor-widget-container\">\n\t\t\t\t\t<h1 class=\"elementor-heading-title elementor-size-default\">Devenir pr\u00eate \u00e0 l'exportation<\/h1>\t\t\t\t<\/div>\n\t\t\t\t<\/div>\n\t\t\t\t<div class=\"elementor-element elementor-element-8bba7e3 elementor-widget elementor-widget-heading\" data-id=\"8bba7e3\" data-element_type=\"widget\" data-widget_type=\"heading.default\">\n\t\t\t\t<div class=\"elementor-widget-container\">\n\t\t\t\t\t<h5 class=\"elementor-heading-title elementor-size-default\">11 h 15 - 12 h 15<\/h5>\t\t\t\t<\/div>\n\t\t\t\t<\/div>\n\t\t\t\t<div class=\"elementor-element elementor-element-3ee8806 elementor-widget elementor-widget-text-editor\" data-id=\"3ee8806\" data-element_type=\"widget\" data-widget_type=\"text-editor.default\">\n\t\t\t\t<div class=\"elementor-widget-container\">\n\t\t\t\t\t\t\t\t\t<p>Bien que le Canada soit un march\u00e9 incroyablement vaste, la plupart des artistes arrivent \u00e0 un point dans leur carri\u00e8re o\u00f9 elles se tournent vers de nouveaux march\u00e9s, vers la pr\u00e9sentation, la demande de financement de voyage, la construction de nouvelles \u00e9quipes et g\u00e9n\u00e9ralement l&#8217;exportation de leur musique. Mais qu&#8217;avez-vous besoin d&#8217;\u00eatre \u00ab pr\u00eate \u00e0 l&#8217;exportation \u00bb ? Pour \u00eatre admissible au financement d&#8217;exportation, pour \u00eatre d&#8217;int\u00e9r\u00eat pour les acheteurs internationaux et pour monter dans un avion pr\u00e9par\u00e9e \u00e0 avoir une entreprise d&#8217;exportation r\u00e9ussie ? Ce panel d&#8217;experts de l&#8217;industrie internationale d\u00e9mystifiera ce que vous devriez avoir en place avant de faire vos bagages ; ce que l&#8217;exportation signifie pour les artistes, comment se pr\u00e9parer, et comment l&#8217;industrie sait quand une artiste est pr\u00eate \u00e0 entrer sur leur territoire. En utilisant des \u00e9tudes de cas pour des exemples r\u00e9els.    <\/p><p>Commandit\u00e9 par la F\u00e9d\u00e9ration canadienne des musiciens<\/p><p>CONF\u00c9RENCI\u00c8RES :<\/p><p>Maureen rpillane &#8211; the unison fund (Animatrice)<\/p><p>Maude st-Amand courcy &#8211; mundial Montreal<\/p><p>Liana White &#8211; CFM<\/p><p>Noreen Hamid &#8211; Productrice cr\u00e9ative et directrice de la publicit\u00e9 \/ notNoreen<\/p>\t\t\t\t\t\t\t\t<\/div>\n\t\t\t\t<\/div>\n\t\t\t\t<\/div>\n\t\t\t\t<\/div>\n\t\t\t\t\t<\/div>\n\t\t\t\t<\/div>\n\t\t<div class=\"elementor-element elementor-element-db5c00d e-flex e-con-boxed e-con e-parent\" data-id=\"db5c00d\" data-element_type=\"container\" data-settings=\"{&quot;background_background&quot;:&quot;classic&quot;}\">\n\t\t\t\t\t<div class=\"e-con-inner\">\n\t\t<div class=\"elementor-element elementor-element-b68e578 e-con-full e-flex e-con e-child\" data-id=\"b68e578\" data-element_type=\"container\" data-settings=\"{&quot;background_background&quot;:&quot;classic&quot;}\">\n\t\t<div class=\"elementor-element elementor-element-ac5ce78 e-con-full e-flex e-con e-child\" data-id=\"ac5ce78\" data-element_type=\"container\">\n\t\t\t\t<div class=\"elementor-element elementor-element-b4a17f5 elementor-widget elementor-widget-image\" data-id=\"b4a17f5\" data-element_type=\"widget\" data-widget_type=\"image.default\">\n\t\t\t\t<div class=\"elementor-widget-container\">\n\t\t\t\t\t\t\t\t\t\t\t\t\t\t\t<img loading=\"lazy\" decoding=\"async\" width=\"500\" height=\"500\" src=\"https:\/\/womeninmusic.ca\/wp-content\/uploads\/2025\/11\/Fireside_Chat-680360e3.webp\" class=\"attachment-large size-large wp-image-2227\" alt=\"\" srcset=\"https:\/\/womeninmusic.ca\/wp-content\/uploads\/2025\/11\/Fireside_Chat-680360e3.webp 500w, https:\/\/womeninmusic.ca\/wp-content\/uploads\/2025\/11\/Fireside_Chat-680360e3-300x300.webp 300w, https:\/\/womeninmusic.ca\/wp-content\/uploads\/2025\/11\/Fireside_Chat-680360e3-150x150.webp 150w\" sizes=\"(max-width: 500px) 100vw, 500px\" \/>\t\t\t\t\t\t\t\t\t\t\t\t\t\t\t<\/div>\n\t\t\t\t<\/div>\n\t\t\t\t<\/div>\n\t\t<div class=\"elementor-element elementor-element-2c43dc6 e-con-full e-flex e-con e-child\" data-id=\"2c43dc6\" data-element_type=\"container\">\n\t\t\t\t<div class=\"elementor-element elementor-element-7af48dc elementor-widget elementor-widget-heading\" data-id=\"7af48dc\" data-element_type=\"widget\" data-widget_type=\"heading.default\">\n\t\t\t\t<div class=\"elementor-widget-container\">\n\t\t\t\t\t<h1 class=\"elementor-heading-title elementor-size-default\">Discussion au coin du feu d\u00e9jeuner - avec service de restauration<\/h1>\t\t\t\t<\/div>\n\t\t\t\t<\/div>\n\t\t\t\t<div class=\"elementor-element elementor-element-c387bb2 elementor-widget elementor-widget-heading\" data-id=\"c387bb2\" data-element_type=\"widget\" data-widget_type=\"heading.default\">\n\t\t\t\t<div class=\"elementor-widget-container\">\n\t\t\t\t\t<h5 class=\"elementor-heading-title elementor-size-default\">12 h 15 - 13 h 15 (la discussion commence \u00e0 12 h 30)<\/h5>\t\t\t\t<\/div>\n\t\t\t\t<\/div>\n\t\t\t\t<div class=\"elementor-element elementor-element-7f9a678 elementor-widget elementor-widget-text-editor\" data-id=\"7f9a678\" data-element_type=\"widget\" data-widget_type=\"text-editor.default\">\n\t\t\t\t<div class=\"elementor-widget-container\">\n\t\t\t\t\t\t\t\t\t<p>L&#8217;industrie musicale a parl\u00e9, il est temps d&#8217;un \u00e9cosyst\u00e8me plus \u00e9quitable. A. Harmony s&#8217;assi\u00e9ra avec Faryal Kahl-Thompson (TuneCore) et Voula Vagdatis (Universal Music) pour parler de la fa\u00e7on dont changer les visages du leadership changera la culture d&#8217;une entreprise et cr\u00e9era un effet d&#8217;entra\u00eenement de b\u00e9n\u00e9fices positifs dans tous les domaines d&#8217;une entreprise. <\/p><p>Animatrice : a. Harmony<\/p><p>Conf\u00e9renci\u00e8res : <\/p><p>Faryal Khan-Thompson &#8211; TuneCore<\/p><p>Voula vagdatis &#8211; universal music Canada<\/p>\t\t\t\t\t\t\t\t<\/div>\n\t\t\t\t<\/div>\n\t\t\t\t<\/div>\n\t\t\t\t<\/div>\n\t\t\t\t\t<\/div>\n\t\t\t\t<\/div>\n\t\t<div class=\"elementor-element elementor-element-50e2913 e-flex e-con-boxed e-con e-parent\" data-id=\"50e2913\" data-element_type=\"container\" data-settings=\"{&quot;background_background&quot;:&quot;classic&quot;}\">\n\t\t\t\t\t<div class=\"e-con-inner\">\n\t\t<div class=\"elementor-element elementor-element-d3eb251 e-con-full e-flex e-con e-child\" data-id=\"d3eb251\" data-element_type=\"container\" data-settings=\"{&quot;background_background&quot;:&quot;classic&quot;}\">\n\t\t<div class=\"elementor-element elementor-element-0117870 e-con-full e-flex e-con e-child\" data-id=\"0117870\" data-element_type=\"container\">\n\t\t\t\t<div class=\"elementor-element elementor-element-16a3cf8 elementor-widget elementor-widget-image\" data-id=\"16a3cf8\" data-element_type=\"widget\" data-widget_type=\"image.default\">\n\t\t\t\t<div class=\"elementor-widget-container\">\n\t\t\t\t\t\t\t\t\t\t\t\t\t\t\t<img loading=\"lazy\" decoding=\"async\" width=\"500\" height=\"500\" src=\"https:\/\/womeninmusic.ca\/wp-content\/uploads\/2025\/11\/Equity_Music_and_Tech-617f2114.webp\" class=\"attachment-large size-large wp-image-2228\" alt=\"\" srcset=\"https:\/\/womeninmusic.ca\/wp-content\/uploads\/2025\/11\/Equity_Music_and_Tech-617f2114.webp 500w, https:\/\/womeninmusic.ca\/wp-content\/uploads\/2025\/11\/Equity_Music_and_Tech-617f2114-300x300.webp 300w, https:\/\/womeninmusic.ca\/wp-content\/uploads\/2025\/11\/Equity_Music_and_Tech-617f2114-150x150.webp 150w\" sizes=\"(max-width: 500px) 100vw, 500px\" \/>\t\t\t\t\t\t\t\t\t\t\t\t\t\t\t<\/div>\n\t\t\t\t<\/div>\n\t\t\t\t<\/div>\n\t\t<div class=\"elementor-element elementor-element-1bb6581 e-con-full e-flex e-con e-child\" data-id=\"1bb6581\" data-element_type=\"container\">\n\t\t\t\t<div class=\"elementor-element elementor-element-4530029 elementor-widget elementor-widget-heading\" data-id=\"4530029\" data-element_type=\"widget\" data-widget_type=\"heading.default\">\n\t\t\t\t<div class=\"elementor-widget-container\">\n\t\t\t\t\t<h1 class=\"elementor-heading-title elementor-size-default\">\u00c9quit\u00e9, musique et technologie pr\u00e9sent\u00e9 par CIMA<\/h1>\t\t\t\t<\/div>\n\t\t\t\t<\/div>\n\t\t\t\t<div class=\"elementor-element elementor-element-be4c4bc elementor-widget elementor-widget-heading\" data-id=\"be4c4bc\" data-element_type=\"widget\" data-widget_type=\"heading.default\">\n\t\t\t\t<div class=\"elementor-widget-container\">\n\t\t\t\t\t<h5 class=\"elementor-heading-title elementor-size-default\">13 h 15 - 14 h 15<\/h5>\t\t\t\t<\/div>\n\t\t\t\t<\/div>\n\t\t\t\t<div class=\"elementor-element elementor-element-e637a03 elementor-widget elementor-widget-text-editor\" data-id=\"e637a03\" data-element_type=\"widget\" data-widget_type=\"text-editor.default\">\n\t\t\t\t<div class=\"elementor-widget-container\">\n\t\t\t\t\t\t\t\t\t<p>Avec ses hauts et ses d\u00e9fis \u2014 quand il s&#8217;agit de travailler avec et d&#8217;engager de nouvelles technologies. Souvent, ces conversations restent bloqu\u00e9es sur le sujet des m\u00e9dias sociaux existants et \u00e9mergents. Ce m\u00e9lange de professionnels de l&#8217;industrie, une voix acad\u00e9mique, regardera au-del\u00e0 de cette port\u00e9e pour inclure plut\u00f4t les relations mat\u00e9rielles changeantes avec la technologie, comment le mal peut \u00eatre int\u00e9gr\u00e9 de mani\u00e8res anodines, quelles sont les plateformes moins connues et r\u00e9volutionnaires auxquelles les gens devraient penser et utiliser, comment am\u00e9liorer l&#8217;hygi\u00e8ne num\u00e9rique afin d&#8217;am\u00e9liorer l&#8217;\u00e9puisement professionnel.  <\/p><p class=\"p1\">Conf\u00e9renci\u00e8res :<\/p><p class=\"p1\">Melissa Vincent &#8211; Journaliste musicale et productrice cr\u00e9ative \/ polaris music prize &#8211; Animatrice<\/p><p class=\"p1\">Michelle Da Silva &#8211; Journaliste<\/p><p class=\"p1\">Noreen Hamid &#8211; Productrice cr\u00e9ative et directrice de la publicit\u00e9 \/ notNoreen<\/p><p class=\"p1\">Sook-yin<\/p>\t\t\t\t\t\t\t\t<\/div>\n\t\t\t\t<\/div>\n\t\t\t\t<\/div>\n\t\t\t\t<\/div>\n\t\t\t\t\t<\/div>\n\t\t\t\t<\/div>\n\t\t<div class=\"elementor-element elementor-element-de09026 e-flex e-con-boxed e-con e-parent\" data-id=\"de09026\" data-element_type=\"container\" data-settings=\"{&quot;background_background&quot;:&quot;classic&quot;}\">\n\t\t\t\t\t<div class=\"e-con-inner\">\n\t\t<div class=\"elementor-element elementor-element-2085cce e-con-full e-flex e-con e-child\" data-id=\"2085cce\" data-element_type=\"container\" data-settings=\"{&quot;background_background&quot;:&quot;classic&quot;}\">\n\t\t<div class=\"elementor-element elementor-element-58e8074 e-con-full e-flex e-con e-child\" data-id=\"58e8074\" data-element_type=\"container\">\n\t\t\t\t<div class=\"elementor-element elementor-element-8d111fe elementor-widget elementor-widget-image\" data-id=\"8d111fe\" data-element_type=\"widget\" data-widget_type=\"image.default\">\n\t\t\t\t<div class=\"elementor-widget-container\">\n\t\t\t\t\t\t\t\t\t\t\t\t\t\t\t<img loading=\"lazy\" decoding=\"async\" width=\"500\" height=\"500\" src=\"https:\/\/womeninmusic.ca\/wp-content\/uploads\/2025\/11\/Finance-41b7d373.webp\" class=\"attachment-large size-large wp-image-2229\" alt=\"\" srcset=\"https:\/\/womeninmusic.ca\/wp-content\/uploads\/2025\/11\/Finance-41b7d373.webp 500w, https:\/\/womeninmusic.ca\/wp-content\/uploads\/2025\/11\/Finance-41b7d373-300x300.webp 300w, https:\/\/womeninmusic.ca\/wp-content\/uploads\/2025\/11\/Finance-41b7d373-150x150.webp 150w\" sizes=\"(max-width: 500px) 100vw, 500px\" \/>\t\t\t\t\t\t\t\t\t\t\t\t\t\t\t<\/div>\n\t\t\t\t<\/div>\n\t\t\t\t<\/div>\n\t\t<div class=\"elementor-element elementor-element-5e01d11 e-con-full e-flex e-con e-child\" data-id=\"5e01d11\" data-element_type=\"container\">\n\t\t\t\t<div class=\"elementor-element elementor-element-afa6cef elementor-widget elementor-widget-heading\" data-id=\"afa6cef\" data-element_type=\"widget\" data-widget_type=\"heading.default\">\n\t\t\t\t<div class=\"elementor-widget-container\">\n\t\t\t\t\t<h1 class=\"elementor-heading-title elementor-size-default\">Finance, juridique et administration pour le secteur de la musique live (SESSION DIFFUS\u00c9E EN DIRECT)<\/h1>\t\t\t\t<\/div>\n\t\t\t\t<\/div>\n\t\t\t\t<div class=\"elementor-element elementor-element-3762718 elementor-widget elementor-widget-heading\" data-id=\"3762718\" data-element_type=\"widget\" data-widget_type=\"heading.default\">\n\t\t\t\t<div class=\"elementor-widget-container\">\n\t\t\t\t\t<h5 class=\"elementor-heading-title elementor-size-default\">14 h 30 - 16 h 30<\/h5>\t\t\t\t<\/div>\n\t\t\t\t<\/div>\n\t\t\t\t<div class=\"elementor-element elementor-element-e53f44f elementor-widget elementor-widget-text-editor\" data-id=\"e53f44f\" data-element_type=\"widget\" data-widget_type=\"text-editor.default\">\n\t\t\t\t<div class=\"elementor-widget-container\">\n\t\t\t\t\t\t\t\t\t<p>De la vision \u00e0 la livraison, un budget solide, un plan financier et des d\u00e9tails juridiques doivent \u00eatre administr\u00e9s pour assurer le succ\u00e8s. Dans cet atelier pratique, les expertes passeront en revue les blocs de construction importants \u00e0 avoir en place et partageront leurs conseils et astuces sur la budg\u00e9tisation pour le live, la planification financi\u00e8re, la gestion de la collecte de donn\u00e9es fiscales, le d\u00e9p\u00f4t, la facturation et les processus juridiques. Toutes les participantes recevront des mod\u00e8les \u00e0 utiliser dans de futurs projets, y compris des mod\u00e8les de budget et un paquet de conseils.  <\/p><p>Conf\u00e9renci\u00e8re principale : Vanessa hoffer, Gestionnaire de production &#8211; live nation Canada<\/p><p>Conf\u00e9renci\u00e8res du panel : Samantha slattery &#8211; capital consulting<\/p><p>Vanessa Thomas &#8211; sound royalties<\/p><p>Juliet dun &#8211; TD niagara jazzfest<\/p><p>Tai notar &#8211; Golden hour productions<\/p>\t\t\t\t\t\t\t\t<\/div>\n\t\t\t\t<\/div>\n\t\t\t\t<\/div>\n\t\t\t\t<\/div>\n\t\t\t\t<div class=\"elementor-element elementor-element-1bac18f elementor-widget elementor-widget-button\" data-id=\"1bac18f\" data-element_type=\"widget\" data-widget_type=\"button.default\">\n\t\t\t\t<div class=\"elementor-widget-container\">\n\t\t\t\t\t\t\t\t\t<div class=\"elementor-button-wrapper\">\n\t\t\t\t\t<a class=\"elementor-button elementor-button-link elementor-size-sm\" href=\"https:\/\/www.universe.com\/events\/women-in-music-canada-international-womens-week-workshops-tickets-0GJ7P2?buttonColor=#da0e23&#038;buttonText=Get%20Workshop%20Tickets\" target=\"_blank\">\n\t\t\t\t\t\t<span class=\"elementor-button-content-wrapper\">\n\t\t\t\t\t\t\t\t\t<span class=\"elementor-button-text\">Obtenez vos billets d'atelier<\/span>\n\t\t\t\t\t<\/span>\n\t\t\t\t\t<\/a>\n\t\t\t\t<\/div>\n\t\t\t\t\t\t\t\t<\/div>\n\t\t\t\t<\/div>\n\t\t\t\t\t<\/div>\n\t\t\t\t<\/div>\n\t\t\t\t<\/div>\n\t\t","protected":false},"excerpt":{"rendered":"<p>Journ\u00e9e internationale des femmes WIM Canada, en partenariat avec FACTOR, le gouvernement du Canada, Ontario Creates et la ville de Toronto, CIMA et CFM, pr\u00e9sente une journ\u00e9e d&#8217;ateliers pratiques et [&hellip;]<\/p>\n","protected":false},"author":1,"featured_media":2212,"template":"","meta":{"_acf_changed":false,"_tribe_events_status":"","_tribe_events_status_reason":"","_tribe_events_is_hybrid":"","_tribe_events_is_virtual":"","_tribe_events_virtual_video_source":"","_tribe_events_virtual_embed_video":"","_tribe_events_virtual_linked_button_text":"","_tribe_events_virtual_linked_button":"","_tribe_events_virtual_show_embed_at":"","_tribe_events_virtual_show_embed_to":[],"_tribe_events_virtual_show_on_event":"","_tribe_events_virtual_show_on_views":"","_tribe_events_virtual_url":"","footnotes":""},"tags":[],"tribe_events_cat":[],"class_list":["post-2206","tribe_events","type-tribe_events","status-publish","has-post-thumbnail","hentry"],"acf":[],"yoast_head":"<!-- This site is optimized with the Yoast SEO plugin v26.8 - https:\/\/yoast.com\/product\/yoast-seo-wordpress\/ -->\n<title>Journ\u00e9e internationale des femmes - WOMEN IN MUSIC CANADA<\/title>\n<meta name=\"robots\" content=\"index, follow, max-snippet:-1, max-image-preview:large, max-video-preview:-1\" \/>\n<link rel=\"canonical\" href=\"https:\/\/womeninmusic.ca\/fr\/event\/journee-internationale-des-femmes\/\" \/>\n<meta property=\"og:locale\" content=\"fr_FR\" \/>\n<meta property=\"og:type\" content=\"article\" \/>\n<meta property=\"og:title\" content=\"Journ\u00e9e internationale des femmes - WOMEN IN MUSIC CANADA\" \/>\n<meta property=\"og:description\" content=\"Journ\u00e9e internationale des femmes WIM Canada, en partenariat avec FACTOR, le gouvernement du Canada, Ontario Creates et la ville de Toronto, CIMA et CFM, pr\u00e9sente une journ\u00e9e d&#8217;ateliers pratiques et [&hellip;]\" \/>\n<meta property=\"og:url\" content=\"https:\/\/womeninmusic.ca\/fr\/event\/journee-internationale-des-femmes\/\" \/>\n<meta property=\"og:site_name\" content=\"WOMEN IN MUSIC CANADA\" \/>\n<meta property=\"article:modified_time\" content=\"2025-11-07T17:34:19+00:00\" \/>\n<meta property=\"og:image\" content=\"https:\/\/womeninmusic.ca\/wp-content\/uploads\/2025\/11\/IWD_March_7_-a50090e3.webp\" \/>\n\t<meta property=\"og:image:width\" content=\"1080\" \/>\n\t<meta property=\"og:image:height\" content=\"1080\" \/>\n\t<meta property=\"og:image:type\" content=\"image\/webp\" \/>\n<meta name=\"twitter:card\" content=\"summary_large_image\" \/>\n<meta name=\"twitter:label1\" content=\"Dur\u00e9e de lecture estim\u00e9e\" \/>\n\t<meta name=\"twitter:data1\" content=\"4 minutes\" \/>\n<script type=\"application\/ld+json\" class=\"yoast-schema-graph\">{\"@context\":\"https:\/\/schema.org\",\"@graph\":[{\"@type\":\"WebPage\",\"@id\":\"https:\/\/womeninmusic.ca\/fr\/event\/journee-internationale-des-femmes\/\",\"url\":\"https:\/\/womeninmusic.ca\/fr\/event\/journee-internationale-des-femmes\/\",\"name\":\"Journ\u00e9e internationale des femmes - WOMEN IN MUSIC CANADA\",\"isPartOf\":{\"@id\":\"https:\/\/womeninmusic.ca\/fr\/#website\"},\"primaryImageOfPage\":{\"@id\":\"https:\/\/womeninmusic.ca\/fr\/event\/journee-internationale-des-femmes\/#primaryimage\"},\"image\":{\"@id\":\"https:\/\/womeninmusic.ca\/fr\/event\/journee-internationale-des-femmes\/#primaryimage\"},\"thumbnailUrl\":\"https:\/\/womeninmusic.ca\/wp-content\/uploads\/2025\/11\/IWD_March_7_-a50090e3.webp\",\"datePublished\":\"2025-11-07T15:15:57+00:00\",\"dateModified\":\"2025-11-07T17:34:19+00:00\",\"breadcrumb\":{\"@id\":\"https:\/\/womeninmusic.ca\/fr\/event\/journee-internationale-des-femmes\/#breadcrumb\"},\"inLanguage\":\"fr-FR\",\"potentialAction\":[{\"@type\":\"ReadAction\",\"target\":[\"https:\/\/womeninmusic.ca\/fr\/event\/journee-internationale-des-femmes\/\"]}]},{\"@type\":\"ImageObject\",\"inLanguage\":\"fr-FR\",\"@id\":\"https:\/\/womeninmusic.ca\/fr\/event\/journee-internationale-des-femmes\/#primaryimage\",\"url\":\"https:\/\/womeninmusic.ca\/wp-content\/uploads\/2025\/11\/IWD_March_7_-a50090e3.webp\",\"contentUrl\":\"https:\/\/womeninmusic.ca\/wp-content\/uploads\/2025\/11\/IWD_March_7_-a50090e3.webp\",\"width\":1080,\"height\":1080},{\"@type\":\"BreadcrumbList\",\"@id\":\"https:\/\/womeninmusic.ca\/fr\/event\/journee-internationale-des-femmes\/#breadcrumb\",\"itemListElement\":[{\"@type\":\"ListItem\",\"position\":1,\"name\":\"Home\",\"item\":\"https:\/\/womeninmusic.ca\/fr\/accueil\/\"},{\"@type\":\"ListItem\",\"position\":2,\"name\":\"\u00c9v\u00e8nements\",\"item\":\"https:\/\/womeninmusic.ca\/fr\/events\/\"},{\"@type\":\"ListItem\",\"position\":3,\"name\":\"Journ\u00e9e internationale des femmes\"}]},{\"@type\":\"WebSite\",\"@id\":\"https:\/\/womeninmusic.ca\/fr\/#website\",\"url\":\"https:\/\/womeninmusic.ca\/fr\/\",\"name\":\"WOMEN IN MUSIC CANADA\",\"description\":\"\",\"publisher\":{\"@id\":\"https:\/\/womeninmusic.ca\/fr\/#organization\"},\"potentialAction\":[{\"@type\":\"SearchAction\",\"target\":{\"@type\":\"EntryPoint\",\"urlTemplate\":\"https:\/\/womeninmusic.ca\/fr\/?s={search_term_string}\"},\"query-input\":{\"@type\":\"PropertyValueSpecification\",\"valueRequired\":true,\"valueName\":\"search_term_string\"}}],\"inLanguage\":\"fr-FR\"},{\"@type\":\"Organization\",\"@id\":\"https:\/\/womeninmusic.ca\/fr\/#organization\",\"name\":\"WOMEN IN MUSIC CANADA\",\"url\":\"https:\/\/womeninmusic.ca\/fr\/\",\"logo\":{\"@type\":\"ImageObject\",\"inLanguage\":\"fr-FR\",\"@id\":\"https:\/\/womeninmusic.ca\/fr\/#\/schema\/logo\/image\/\",\"url\":\"https:\/\/womeninmusic.ca\/wp-content\/uploads\/2025\/09\/WIM_CDA_Logo_Horizontal-782fc697.webp\",\"contentUrl\":\"https:\/\/womeninmusic.ca\/wp-content\/uploads\/2025\/09\/WIM_CDA_Logo_Horizontal-782fc697.webp\",\"width\":301,\"height\":60,\"caption\":\"WOMEN IN MUSIC CANADA\"},\"image\":{\"@id\":\"https:\/\/womeninmusic.ca\/fr\/#\/schema\/logo\/image\/\"}}]}<\/script>\n<!-- \/ Yoast SEO plugin. -->","yoast_head_json":{"title":"Journ\u00e9e internationale des femmes - WOMEN IN MUSIC CANADA","robots":{"index":"index","follow":"follow","max-snippet":"max-snippet:-1","max-image-preview":"max-image-preview:large","max-video-preview":"max-video-preview:-1"},"canonical":"https:\/\/womeninmusic.ca\/fr\/event\/journee-internationale-des-femmes\/","og_locale":"fr_FR","og_type":"article","og_title":"Journ\u00e9e internationale des femmes - WOMEN IN MUSIC CANADA","og_description":"Journ\u00e9e internationale des femmes WIM Canada, en partenariat avec FACTOR, le gouvernement du Canada, Ontario Creates et la ville de Toronto, CIMA et CFM, pr\u00e9sente une journ\u00e9e d&#8217;ateliers pratiques et [&hellip;]","og_url":"https:\/\/womeninmusic.ca\/fr\/event\/journee-internationale-des-femmes\/","og_site_name":"WOMEN IN MUSIC CANADA","article_modified_time":"2025-11-07T17:34:19+00:00","og_image":[{"width":1080,"height":1080,"url":"https:\/\/womeninmusic.ca\/wp-content\/uploads\/2025\/11\/IWD_March_7_-a50090e3.webp","type":"image\/webp"}],"twitter_card":"summary_large_image","twitter_misc":{"Dur\u00e9e de lecture estim\u00e9e":"4 minutes"},"schema":{"@context":"https:\/\/schema.org","@graph":[{"@type":"WebPage","@id":"https:\/\/womeninmusic.ca\/fr\/event\/journee-internationale-des-femmes\/","url":"https:\/\/womeninmusic.ca\/fr\/event\/journee-internationale-des-femmes\/","name":"Journ\u00e9e internationale des femmes - WOMEN IN MUSIC CANADA","isPartOf":{"@id":"https:\/\/womeninmusic.ca\/fr\/#website"},"primaryImageOfPage":{"@id":"https:\/\/womeninmusic.ca\/fr\/event\/journee-internationale-des-femmes\/#primaryimage"},"image":{"@id":"https:\/\/womeninmusic.ca\/fr\/event\/journee-internationale-des-femmes\/#primaryimage"},"thumbnailUrl":"https:\/\/womeninmusic.ca\/wp-content\/uploads\/2025\/11\/IWD_March_7_-a50090e3.webp","datePublished":"2025-11-07T15:15:57+00:00","dateModified":"2025-11-07T17:34:19+00:00","breadcrumb":{"@id":"https:\/\/womeninmusic.ca\/fr\/event\/journee-internationale-des-femmes\/#breadcrumb"},"inLanguage":"fr-FR","potentialAction":[{"@type":"ReadAction","target":["https:\/\/womeninmusic.ca\/fr\/event\/journee-internationale-des-femmes\/"]}]},{"@type":"ImageObject","inLanguage":"fr-FR","@id":"https:\/\/womeninmusic.ca\/fr\/event\/journee-internationale-des-femmes\/#primaryimage","url":"https:\/\/womeninmusic.ca\/wp-content\/uploads\/2025\/11\/IWD_March_7_-a50090e3.webp","contentUrl":"https:\/\/womeninmusic.ca\/wp-content\/uploads\/2025\/11\/IWD_March_7_-a50090e3.webp","width":1080,"height":1080},{"@type":"BreadcrumbList","@id":"https:\/\/womeninmusic.ca\/fr\/event\/journee-internationale-des-femmes\/#breadcrumb","itemListElement":[{"@type":"ListItem","position":1,"name":"Home","item":"https:\/\/womeninmusic.ca\/fr\/accueil\/"},{"@type":"ListItem","position":2,"name":"\u00c9v\u00e8nements","item":"https:\/\/womeninmusic.ca\/fr\/events\/"},{"@type":"ListItem","position":3,"name":"Journ\u00e9e internationale des femmes"}]},{"@type":"WebSite","@id":"https:\/\/womeninmusic.ca\/fr\/#website","url":"https:\/\/womeninmusic.ca\/fr\/","name":"WOMEN IN MUSIC CANADA","description":"","publisher":{"@id":"https:\/\/womeninmusic.ca\/fr\/#organization"},"potentialAction":[{"@type":"SearchAction","target":{"@type":"EntryPoint","urlTemplate":"https:\/\/womeninmusic.ca\/fr\/?s={search_term_string}"},"query-input":{"@type":"PropertyValueSpecification","valueRequired":true,"valueName":"search_term_string"}}],"inLanguage":"fr-FR"},{"@type":"Organization","@id":"https:\/\/womeninmusic.ca\/fr\/#organization","name":"WOMEN IN MUSIC CANADA","url":"https:\/\/womeninmusic.ca\/fr\/","logo":{"@type":"ImageObject","inLanguage":"fr-FR","@id":"https:\/\/womeninmusic.ca\/fr\/#\/schema\/logo\/image\/","url":"https:\/\/womeninmusic.ca\/wp-content\/uploads\/2025\/09\/WIM_CDA_Logo_Horizontal-782fc697.webp","contentUrl":"https:\/\/womeninmusic.ca\/wp-content\/uploads\/2025\/09\/WIM_CDA_Logo_Horizontal-782fc697.webp","width":301,"height":60,"caption":"WOMEN IN MUSIC CANADA"},"image":{"@id":"https:\/\/womeninmusic.ca\/fr\/#\/schema\/logo\/image\/"}}]}},"_links":{"self":[{"href":"https:\/\/womeninmusic.ca\/fr\/wp-json\/wp\/v2\/tribe_events\/2206","targetHints":{"allow":["GET"]}}],"collection":[{"href":"https:\/\/womeninmusic.ca\/fr\/wp-json\/wp\/v2\/tribe_events"}],"about":[{"href":"https:\/\/womeninmusic.ca\/fr\/wp-json\/wp\/v2\/types\/tribe_events"}],"author":[{"embeddable":true,"href":"https:\/\/womeninmusic.ca\/fr\/wp-json\/wp\/v2\/users\/1"}],"version-history":[{"count":4,"href":"https:\/\/womeninmusic.ca\/fr\/wp-json\/wp\/v2\/tribe_events\/2206\/revisions"}],"predecessor-version":[{"id":2234,"href":"https:\/\/womeninmusic.ca\/fr\/wp-json\/wp\/v2\/tribe_events\/2206\/revisions\/2234"}],"wp:featuredmedia":[{"embeddable":true,"href":"https:\/\/womeninmusic.ca\/fr\/wp-json\/wp\/v2\/media\/2212"}],"wp:attachment":[{"href":"https:\/\/womeninmusic.ca\/fr\/wp-json\/wp\/v2\/media?parent=2206"}],"wp:term":[{"taxonomy":"post_tag","embeddable":true,"href":"https:\/\/womeninmusic.ca\/fr\/wp-json\/wp\/v2\/tags?post=2206"},{"taxonomy":"tribe_events_cat","embeddable":true,"href":"https:\/\/womeninmusic.ca\/fr\/wp-json\/wp\/v2\/tribe_events_cat?post=2206"}],"curies":[{"name":"wp","href":"https:\/\/api.w.org\/{rel}","templated":true}]}}